{"id":2795,"date":"2024-10-03T17:10:41","date_gmt":"2024-10-03T21:10:41","guid":{"rendered":"https:\/\/sixtrum.com\/saison-2024-2025\/"},"modified":"2025-06-26T12:00:26","modified_gmt":"2025-06-26T16:00:26","slug":"season-2024-2025","status":"publish","type":"page","link":"https:\/\/sixtrum.com\/en\/season-2024-2025\/","title":{"rendered":"Season 2024-2025"},"content":{"rendered":"<div class=\"wpb-content-wrapper\"><p>[vc_row css_animation=&#8221;&#8221; row_type=&#8221;row&#8221; use_row_as_full_screen_section=&#8221;no&#8221; type=&#8221;grid&#8221; angled_section=&#8221;no&#8221; text_align=&#8221;left&#8221; background_image_as_pattern=&#8221;without_pattern&#8221; z_index=&#8221;&#8221; padding_top=&#8221;64&#8243; padding_bottom=&#8221;64&#8243; background_color=&#8221;#FFFFFF&#8221;][vc_column width=&#8221;1\/2&#8243;][vc_single_image image=&#8221;3159&#8243; img_size=&#8221;full&#8221; onclick=&#8221;custom_link&#8221; css=&#8221;&#8221; qode_css_animation=&#8221;&#8221; qode_hover_animation=&#8221;zoom_in&#8221; link=&#8221;https:\/\/www.orford.mu\/en\/concerts-and-events\/sixtrum-listen-see\/&#8221;][vc_empty_space][\/vc_column][vc_column width=&#8221;1\/2&#8243;][vc_column_text css=&#8221;&#8221;]<\/p>\n<h3>\u00c9couter\/Voir<\/h3>\n<h4>A concert imagined for Orford Music Festival<\/h4>\n<p>We&#8217;ve designed a tailor-made program in honor of the exceptional composer who, having become deaf in his early thirties, enjoyed a long and extremely rich career despite his deafness. We therefore offer you a program that allows you to perce(voir) percussion in a different way. We won&#8217;t tell you more &#8211; it&#8217;s a surprise.[\/vc_column_text][vc_empty_space height=&#8221;16px&#8221;]<div class='q_icon_with_title tiny circle left_from_title '><div class=\"icon_text_holder\" style=\"\"><div class=\"icon_text_inner\" style=\"\"><div class=\"icon_title_holder\"><div class=\"icon_holder \" style=\" \"><span data-icon-type=\"circle\" data-icon-hover-bg-color=\"#ffde4e\" class=\"qode_iwt_icon_holder fa-stack fa-lg  \" style=\"border-color: #ffde4e;background-color: #ffde4e\"><i class=\"qode_icon_font_awesome fa fa-calendar qode_iwt_icon_element\" style=\"color: #000000\"><\/i><\/span><\/div><h6 class=\"icon_title\" style=\"\">July 18th 2025, 7:30 pm<\/h6><\/div><p style=''><\/p><\/div><\/div><\/div><div class='q_icon_with_title tiny circle left_from_title '><div class=\"icon_text_holder\" style=\"\"><div class=\"icon_text_inner\" style=\"\"><div class=\"icon_title_holder\"><div class=\"icon_holder \" style=\" \"><span data-icon-type=\"circle\" data-icon-hover-bg-color=\"#ffde4e\" class=\"qode_iwt_icon_holder fa-stack fa-lg  \" style=\"border-color: #ffde4e;background-color: #ffde4e\"><i class=\"qode_icon_font_awesome fa fa-map-pin qode_iwt_icon_element\" style=\"color: #000000\"><\/i><\/span><\/div><h6 class=\"icon_title\" style=\"\">Gilles Lefebvre Concert Hall<\/h6><\/div><p style=''><\/p><\/div><\/div><\/div><a  itemprop=\"url\" href=\"https:\/\/www.orford.mu\/en\/concerts-and-events\/sixtrum-listen-see\/\" target=\"_self\"  class=\"qbutton  default\" style=\"margin: 4px; \">Informations<i class=\"qode_icon_font_awesome fa fa-angle-right qode_button_icon_element\"><\/i><\/a><a  itemprop=\"url\" href=\"https:\/\/orfordmusique.tuxedobillet.com\/main\/sixtrum-ecoutervoir\" target=\"_blank\"  class=\"qbutton  default\" style=\"margin: 4px; \">TICKETS<\/a>[\/vc_column][\/vc_row][vc_row css_animation=&#8221;&#8221; row_type=&#8221;row&#8221; use_row_as_full_screen_section=&#8221;no&#8221; type=&#8221;grid&#8221; angled_section=&#8221;no&#8221; text_align=&#8221;left&#8221; background_image_as_pattern=&#8221;without_pattern&#8221; z_index=&#8221;&#8221; padding_top=&#8221;64&#8243; padding_bottom=&#8221;64&#8243; background_color=&#8221;#e6e3e3&#8243;][vc_column width=&#8221;1\/2&#8243;][vc_single_image image=&#8221;2604&#8243; img_size=&#8221;full&#8221; onclick=&#8221;custom_link&#8221; css=&#8221;&#8221; qode_css_animation=&#8221;&#8221; qode_hover_animation=&#8221;zoom_in&#8221; link=&#8221;https:\/\/festival.casteliers.ca\/en\/spectacle\/nanatasis-opera-en-trois-legendes\/&#8221;][vc_empty_space][\/vc_column][vc_column width=&#8221;1\/2&#8243;][vc_column_text css=&#8221;&#8221;]<\/p>\n<h3>Nanatasis &#8211; Opera in 3 legends<\/h3>\n<p>Presented as part of the Casteliers festival<\/p>\n<p>Created by Abenaki storyteller and librettist Nicole O&#8217;Bomsawin and composer Alejandra Odgers, Nanatasis takes us on a journey through three traditional Abenaki legends. Commissioned by Musique 3 Femmes, in co-production with Sixtrum and directed by M\u00e9tis director and set designer Troy Hourie, eleven musicians and four puppeteers take us into a magical, colorful world.[\/vc_column_text][vc_empty_space height=&#8221;16px&#8221;]<div class='q_icon_with_title tiny circle left_from_title '><div class=\"icon_text_holder\" style=\"\"><div class=\"icon_text_inner\" style=\"\"><div class=\"icon_title_holder\"><div class=\"icon_holder \" style=\" \"><span data-icon-type=\"circle\" data-icon-hover-bg-color=\"#ffde4e\" class=\"qode_iwt_icon_holder fa-stack fa-lg  \" style=\"border-color: #ffde4e;background-color: #ffde4e\"><i class=\"qode_icon_font_awesome fa fa-calendar qode_iwt_icon_element\" style=\"color: #000000\"><\/i><\/span><\/div><h6 class=\"icon_title\" style=\"\">March 8th &amp; 9th, 2025<\/h6><\/div><p style=''><\/p><\/div><\/div><\/div><div class='q_icon_with_title tiny circle left_from_title '><div class=\"icon_text_holder\" style=\"\"><div class=\"icon_text_inner\" style=\"\"><div class=\"icon_title_holder\"><div class=\"icon_holder \" style=\" \"><span data-icon-type=\"circle\" data-icon-hover-bg-color=\"#ffde4e\" class=\"qode_iwt_icon_holder fa-stack fa-lg  \" style=\"border-color: #ffde4e;background-color: #ffde4e\"><i class=\"qode_icon_font_awesome fa fa-map-pin qode_iwt_icon_element\" style=\"color: #000000\"><\/i><\/span><\/div><h6 class=\"icon_title\" style=\"\">Th\u00e9\u00e2tre Outremont, Montreal<\/h6><\/div><p style=''><\/p><\/div><\/div><\/div><a  itemprop=\"url\" href=\"https:\/\/festival.casteliers.ca\/en\/spectacle\/nanatasis-opera-en-trois-legendes\/\" target=\"_self\"  class=\"qbutton  default\" style=\"margin: 4px; \">Informations<i class=\"qode_icon_font_awesome fa fa-angle-right qode_button_icon_element\"><\/i><\/a><a  itemprop=\"url\" href=\"https:\/\/festival.casteliers.ca\/en\/spectacle\/nanatasis-opera-en-trois-legendes\/\" target=\"_blank\"  class=\"qbutton  default\" style=\"margin: 4px; \">TICKETS<\/a>[\/vc_column][\/vc_row][vc_row css_animation=&#8221;&#8221; row_type=&#8221;row&#8221; use_row_as_full_screen_section=&#8221;no&#8221; type=&#8221;grid&#8221; angled_section=&#8221;no&#8221; text_align=&#8221;left&#8221; background_image_as_pattern=&#8221;without_pattern&#8221; z_index=&#8221;&#8221; padding_top=&#8221;64&#8243; padding_bottom=&#8221;64&#8243; background_color=&#8221;#FFFFFF&#8221;][vc_column width=&#8221;1\/2&#8243;][vc_single_image image=&#8221;2973&#8243; img_size=&#8221;full&#8221; onclick=&#8221;custom_link&#8221; css=&#8221;&#8221; qode_css_animation=&#8221;&#8221; qode_hover_animation=&#8221;zoom_in&#8221; link=&#8221;https:\/\/smcq.qc.ca\/smcq\/en\/evenement\/46750-instruments-of-happiness-projet-100-guitares-la-grande&#8221;][vc_empty_space][\/vc_column][vc_column width=&#8221;1\/2&#8243;][vc_column_text css=&#8221;&#8221;]<\/p>\n<h3>Instruments of Happiness : Projet 100 guitares<br \/>\nLa Grande Acc\u00e9l\u00e9ration<\/h3>\n<h4>A large-scale show presented as part of Montr\u00e9al Nouvelles Musiques<\/h4>\n<p>To round off the Montreal\/New Music Festival in style, the musical ensembles Instruments of Happiness &#8211; 100 electric guitars, Sixtrum, Orchestre symphonique des jeunes de la Mont\u00e9r\u00e9gie and Orchestre symphonique des jeunes du West Island join forces for the creation of this surround-sound work, <em>La grande acc\u00e9l\u00e9ration: Symphonie no 12<\/em>, by composer and celebrated guitarist Tim Brady.[\/vc_column_text][vc_empty_space height=&#8221;16px&#8221;]<div class='q_icon_with_title tiny circle left_from_title '><div class=\"icon_text_holder\" style=\"\"><div class=\"icon_text_inner\" style=\"\"><div class=\"icon_title_holder\"><div class=\"icon_holder \" style=\" \"><span data-icon-type=\"circle\" data-icon-hover-bg-color=\"#ffde4e\" class=\"qode_iwt_icon_holder fa-stack fa-lg  \" style=\"border-color: #ffde4e;background-color: #ffde4e\"><i class=\"qode_icon_font_awesome fa fa-calendar qode_iwt_icon_element\" style=\"color: #000000\"><\/i><\/span><\/div><h6 class=\"icon_title\" style=\"\">March 1rst 2025, 3:30 pm<\/h6><\/div><p style=''><\/p><\/div><\/div><\/div><div class='q_icon_with_title tiny circle left_from_title '><div class=\"icon_text_holder\" style=\"\"><div class=\"icon_text_inner\" style=\"\"><div class=\"icon_title_holder\"><div class=\"icon_holder \" style=\" \"><span data-icon-type=\"circle\" data-icon-hover-bg-color=\"#ffde4e\" class=\"qode_iwt_icon_holder fa-stack fa-lg  \" style=\"border-color: #ffde4e;background-color: #ffde4e\"><i class=\"qode_icon_font_awesome fa fa-map-pin qode_iwt_icon_element\" style=\"color: #000000\"><\/i><\/span><\/div><h6 class=\"icon_title\" style=\"\">Oratoire Saint Joseph, Montreal<\/h6><\/div><p style=''><\/p><\/div><\/div><\/div><a  itemprop=\"url\" href=\"https:\/\/smcq.qc.ca\/smcq\/en\/evenement\/46750-instruments-of-happiness-projet-100-guitares-la-grande\" target=\"_self\"  class=\"qbutton  default\" style=\"margin: 4px; \">Informations<i class=\"qode_icon_font_awesome fa fa-angle-right qode_button_icon_element\"><\/i><\/a><a  itemprop=\"url\" href=\"https:\/\/levivier.tuxedobillet.com\/levivier\/sixtrum-et-cordame-i-am-vertical?_gl=1*k7ni7*_gcl_au*MTk0NTc3OTc3NC4xNzMwNzU5Njgy*_ga*MTY3MDE5NjU0MC4xNzMwNzU5Njgy*_ga_KJMGNF95SE*MTczMDk5OTY4NC40LjEuMTczMDk5OTc1NC4wLjAuMA..\" target=\"_blank\"  class=\"qbutton  default\" style=\"margin: 4px; \">FREE - NO RESERVATIONS<\/a>[\/vc_column][\/vc_row][vc_row css_animation=&#8221;&#8221; row_type=&#8221;row&#8221; use_row_as_full_screen_section=&#8221;no&#8221; type=&#8221;grid&#8221; angled_section=&#8221;no&#8221; text_align=&#8221;left&#8221; background_image_as_pattern=&#8221;without_pattern&#8221; z_index=&#8221;&#8221; padding_top=&#8221;64&#8243; padding_bottom=&#8221;64&#8243; background_color=&#8221;#e6e3e3&#8243;][vc_column width=&#8221;1\/2&#8243;][vc_single_image image=&#8221;2966&#8243; img_size=&#8221;full&#8221; onclick=&#8221;custom_link&#8221; css=&#8221;&#8221; qode_css_animation=&#8221;&#8221; qode_hover_animation=&#8221;zoom_in&#8221; link=&#8221;https:\/\/www.facebook.com\/events\/3969897566596620\/?acontext=%7B%22event_action_history%22%3A`{`%7B%22surface%22%3A%22external_search_engine%22%7D%2C%7B%22mechanism%22%3A%22attachment%22%2C%22surface%22%3A%22newsfeed%22%7D`}`%2C%22ref_notif_type%22%3Anull%7D&amp;locale=fr_CA&#8221;][vc_empty_space][\/vc_column][vc_column width=&#8221;1\/2&#8243;][vc_column_text css=&#8221;&#8221;]<\/p>\n<h3>Days of percussion<\/h3>\n<p>Presented by the Quebec Chapter of the Percussive Arts Society in collaboration with CEGEP Drummondville. With guests John Riley, Fran\u00e7ois Papirer and M\u00e9lissa Labb\u00e9, and with the participation of Jean-Luc Bouchard, Alexandre Lavoie, Gina Ryan, SIXTRUM Percussion and the Ensemble de percussion Cegep de Drummondville.[\/vc_column_text][vc_empty_space height=&#8221;16px&#8221;]<div class='q_icon_with_title tiny circle left_from_title '><div class=\"icon_text_holder\" style=\"\"><div class=\"icon_text_inner\" style=\"\"><div class=\"icon_title_holder\"><div class=\"icon_holder \" style=\" \"><span data-icon-type=\"circle\" data-icon-hover-bg-color=\"#ffde4e\" class=\"qode_iwt_icon_holder fa-stack fa-lg  \" style=\"border-color: #ffde4e;background-color: #ffde4e\"><i class=\"qode_icon_font_awesome fa fa-calendar qode_iwt_icon_element\" style=\"color: #000000\"><\/i><\/span><\/div><h6 class=\"icon_title\" style=\"\">2025 January 25th<\/h6><\/div><p style=''><\/p><\/div><\/div><\/div><div class='q_icon_with_title tiny circle left_from_title '><div class=\"icon_text_holder\" style=\"\"><div class=\"icon_text_inner\" style=\"\"><div class=\"icon_title_holder\"><div class=\"icon_holder \" style=\" \"><span data-icon-type=\"circle\" data-icon-hover-bg-color=\"#ffde4e\" class=\"qode_iwt_icon_holder fa-stack fa-lg  \" style=\"border-color: #ffde4e;background-color: #ffde4e\"><i class=\"qode_icon_font_awesome fa fa-map-pin qode_iwt_icon_element\" style=\"color: #000000\"><\/i><\/span><\/div><h6 class=\"icon_title\" style=\"\">CEGEP of Drummondville<\/h6><\/div><p style=''><\/p><\/div><\/div><\/div><a  itemprop=\"url\" href=\"https:\/\/www.facebook.com\/events\/3969897566596620\/?acontext=%7B%22event_action_history%22%3A%7B%22surface%22%3A%22external_search_engine%22%7D%2C%7B%22mechanism%22%3A%22attachment%22%2C%22surface%22%3A%22newsfeed%22%7D%2C%22ref_notif_type%22%3Anull%7D&#038;locale=fr_CA\" target=\"_self\"  class=\"qbutton  default\" style=\"margin: 4px; \">Informations<i class=\"qode_icon_font_awesome fa fa-angle-right qode_button_icon_element\"><\/i><\/a><a  itemprop=\"url\" href=\"https:\/\/montreal.ca\/node\/40478\" target=\"_blank\"  class=\"qbutton  default\" style=\"margin: 4px; \">FREE<\/a>[\/vc_column][\/vc_row][vc_row css_animation=&#8221;&#8221; row_type=&#8221;row&#8221; use_row_as_full_screen_section=&#8221;no&#8221; type=&#8221;grid&#8221; angled_section=&#8221;no&#8221; text_align=&#8221;left&#8221; background_image_as_pattern=&#8221;without_pattern&#8221; z_index=&#8221;&#8221; padding_top=&#8221;64&#8243; padding_bottom=&#8221;64&#8243; background_color=&#8221;#FFFFFF&#8221;][vc_column width=&#8221;1\/2&#8243;][vc_single_image image=&#8221;2777&#8243; img_size=&#8221;full&#8221; onclick=&#8221;custom_link&#8221; css=&#8221;&#8221; qode_css_animation=&#8221;&#8221; qode_hover_animation=&#8221;zoom_in&#8221; link=&#8221;https:\/\/sixtrum.com\/en\/season-2024-2025\/i-am-vertical\/&#8221;][vc_empty_space][\/vc_column][vc_column width=&#8221;1\/2&#8243;][vc_column_text css=&#8221;&#8221;]<\/p>\n<h3>I am vertical<\/h3>\n<h4>A Sixtrum and Cord\u00e2me coproduction<\/h4>\n<p><em>I Am Vertical<\/em>\u00a0is an ambitious artistic collaboration between percussion ensemble Sixtrum and Cord\u00e2me, inspired by the intense, evocative poetry of Sylvia Plath.[\/vc_column_text][vc_empty_space height=&#8221;16px&#8221;]<div class='q_icon_with_title tiny circle left_from_title '><div class=\"icon_text_holder\" style=\"\"><div class=\"icon_text_inner\" style=\"\"><div class=\"icon_title_holder\"><div class=\"icon_holder \" style=\" \"><span data-icon-type=\"circle\" data-icon-hover-bg-color=\"#ffde4e\" class=\"qode_iwt_icon_holder fa-stack fa-lg  \" style=\"border-color: #ffde4e;background-color: #ffde4e\"><i class=\"qode_icon_font_awesome fa fa-calendar qode_iwt_icon_element\" style=\"color: #000000\"><\/i><\/span><\/div><h6 class=\"icon_title\" style=\"\">January 21rst of 2024<\/h6><\/div><p style=''><\/p><\/div><\/div><\/div><div class='q_icon_with_title tiny circle left_from_title '><div class=\"icon_text_holder\" style=\"\"><div class=\"icon_text_inner\" style=\"\"><div class=\"icon_title_holder\"><div class=\"icon_holder \" style=\" \"><span data-icon-type=\"circle\" data-icon-hover-bg-color=\"#ffde4e\" class=\"qode_iwt_icon_holder fa-stack fa-lg  \" style=\"border-color: #ffde4e;background-color: #ffde4e\"><i class=\"qode_icon_font_awesome fa fa-map-pin qode_iwt_icon_element\" style=\"color: #000000\"><\/i><\/span><\/div><h6 class=\"icon_title\" style=\"\">Espace Orange, Edifice Wilder, Montreal<\/h6><\/div><p style=''><\/p><\/div><\/div><\/div><a  itemprop=\"url\" href=\"https:\/\/sixtrum.com\/en\/season-2024-2025\/i-am-vertical\/\" target=\"_self\"  class=\"qbutton  default\" style=\"margin: 4px; \">Informations<i class=\"qode_icon_font_awesome fa fa-angle-right qode_button_icon_element\"><\/i><\/a><a  itemprop=\"url\" href=\"https:\/\/levivier.tuxedobillet.com\/levivier\/sixtrum-et-cordame-i-am-vertical?_gl=1*k7ni7*_gcl_au*MTk0NTc3OTc3NC4xNzMwNzU5Njgy*_ga*MTY3MDE5NjU0MC4xNzMwNzU5Njgy*_ga_KJMGNF95SE*MTczMDk5OTY4NC40LjEuMTczMDk5OTc1NC4wLjAuMA..\" target=\"_blank\"  class=\"qbutton  default\" style=\"margin: 4px; \">TICKETS<\/a>[\/vc_column][\/vc_row][vc_row css_animation=&#8221;&#8221; row_type=&#8221;row&#8221; use_row_as_full_screen_section=&#8221;no&#8221; type=&#8221;grid&#8221; angled_section=&#8221;no&#8221; text_align=&#8221;left&#8221; background_image_as_pattern=&#8221;without_pattern&#8221; z_index=&#8221;&#8221; padding_top=&#8221;64&#8243; padding_bottom=&#8221;64&#8243; background_color=&#8221;#e6e3e3&#8243;][vc_column width=&#8221;1\/2&#8243;][vc_single_image image=&#8221;568&#8243; img_size=&#8221;full&#8221; onclick=&#8221;custom_link&#8221; qode_css_animation=&#8221;&#8221; qode_hover_animation=&#8221;zoom_in&#8221; link=&#8221;https:\/\/sixtrum.com\/diffuseurs\/archipel\/&#8221;][vc_empty_space][\/vc_column][vc_column width=&#8221;1\/2&#8243;][vc_column_text]<\/p>\n<h3>L&#8217;archipel aux mille sons<\/h3>\n<p>Dans le cadre du <a href=\"https:\/\/salonpetiteenfance.ca\/\">Salon de la petite enfance<\/a> de Valleyfield, l\u2019ensemble \u00e0 percussion SIXTRUM entra\u00eene les tout jeunes spectateurs dans l\u2019exploration de son Archipel aux mille sonorit\u00e9s.[\/vc_column_text][vc_empty_space height=&#8221;16px&#8221;]<div class='q_icon_with_title tiny circle left_from_title '><div class=\"icon_text_holder\" style=\"\"><div class=\"icon_text_inner\" style=\"\"><div class=\"icon_title_holder\"><div class=\"icon_holder \" style=\" \"><span data-icon-type=\"circle\" data-icon-hover-bg-color=\"#ffde4e\" class=\"qode_iwt_icon_holder fa-stack fa-lg  \" style=\"border-color: #ffde4e;background-color: #ffde4e\"><i class=\"qode_icon_font_awesome fa fa-calendar qode_iwt_icon_element\" style=\"color: #000000\"><\/i><\/span><\/div><h6 class=\"icon_title\" style=\"\">23 octobre 2024<\/h6><\/div><p style=''><\/p><\/div><\/div><\/div><div class='q_icon_with_title tiny circle left_from_title '><div class=\"icon_text_holder\" style=\"\"><div class=\"icon_text_inner\" style=\"\"><div class=\"icon_title_holder\"><div class=\"icon_holder \" style=\" \"><span data-icon-type=\"circle\" data-icon-hover-bg-color=\"#ffde4e\" class=\"qode_iwt_icon_holder fa-stack fa-lg  \" style=\"border-color: #ffde4e;background-color: #ffde4e\"><i class=\"qode_icon_font_awesome fa fa-map-pin qode_iwt_icon_element\" style=\"color: #000000\"><\/i><\/span><\/div><h6 class=\"icon_title\" style=\"\">Maison de la Culture Janine Sutto, Montr\u00e9al<\/h6><\/div><p style=''><\/p><\/div><\/div><\/div><a  itemprop=\"url\" href=\"https:\/\/sixtrum.com\/diffuseurs\/archipel\/\" target=\"_self\"  class=\"qbutton  default\" style=\"margin: 4px; \">Informations<i class=\"qode_icon_font_awesome fa fa-angle-right qode_button_icon_element\"><\/i><\/a><a  itemprop=\"url\" href=\"https:\/\/montreal.ca\/node\/40478\" target=\"_blank\"  class=\"qbutton  default\" style=\"margin: 4px; \">GRATUIT \/ R\u00c9SERVATIONS OBLIGATOIRES<\/a>[\/vc_column][\/vc_row][vc_row css_animation=&#8221;&#8221; row_type=&#8221;row&#8221; use_row_as_full_screen_section=&#8221;no&#8221; type=&#8221;full_width&#8221; angled_section=&#8221;no&#8221; text_align=&#8221;center&#8221; background_image_as_pattern=&#8221;without_pattern&#8221; z_index=&#8221;&#8221; background_color=&#8221;#000000&#8243; padding_top=&#8221;64&#8243; padding_bottom=&#8221;64&#8243;][vc_column width=&#8221;1\/4&#8243;][\/vc_column][vc_column width=&#8221;1\/2&#8243;][vc_column_text css=&#8221;&#8221;]<\/p>\n<h4><span style=\"color: #ffffff;\">Consult the complete calendar<\/span><\/h4>\n<p>[\/vc_column_text][vc_empty_space]<a  itemprop=\"url\" href=\"https:\/\/sixtrum.com\/en\/calendar\/\" target=\"_self\" data-hover-border-color=\"#ffde4e\" class=\"qbutton  large default\" style=\"border-color: #ffffff; \">Calendar<\/a>[\/vc_column][vc_column width=&#8221;1\/4&#8243;][\/vc_column][\/vc_row][vc_row css_animation=&#8221;&#8221; row_type=&#8221;row&#8221; use_row_as_full_screen_section=&#8221;no&#8221; type=&#8221;grid&#8221; angled_section=&#8221;no&#8221; text_align=&#8221;left&#8221; background_image_as_pattern=&#8221;without_pattern&#8221; z_index=&#8221;&#8221; padding_top=&#8221;64&#8243; padding_bottom=&#8221;64&#8243;][vc_column width=&#8221;5\/6&#8243;]<div class=\"templatera_shortcode\"><div      class=\"vc_row wpb_row section vc_row-fluid \" style=' text-align:left;'><div class=\" full_section_inner clearfix\"><div class=\"wpb_column vc_column_container vc_col-sm-3\"><div class=\"vc_column-inner\"><div class=\"wpb_wrapper\">\n\t<div class=\"wpb_single_image wpb_content_element vc_align_left  qode_image_hover_zoom_in\">\n\t\t<div class=\"wpb_wrapper\">\n\t\t\t\n\t\t\t<a href=\"https:\/\/www.umontreal.ca\/\" target=\"_blank\"><div class=\"vc_single_image-wrapper   vc_box_border_grey\"><img loading=\"lazy\" decoding=\"async\" width=\"1000\" height=\"500\" src=\"https:\/\/sixtrum.com\/wp-content\/uploads\/2020\/11\/universite-montreal-logo-noir.png\" class=\"vc_single_image-img attachment-full\" alt=\"\" title=\"universite-montreal-logo-noir\" srcset=\"https:\/\/sixtrum.com\/wp-content\/uploads\/2020\/11\/universite-montreal-logo-noir.png 1000w, https:\/\/sixtrum.com\/wp-content\/uploads\/2020\/11\/universite-montreal-logo-noir-300x150.png 300w, https:\/\/sixtrum.com\/wp-content\/uploads\/2020\/11\/universite-montreal-logo-noir-768x384.png 768w, https:\/\/sixtrum.com\/wp-content\/uploads\/2020\/11\/universite-montreal-logo-noir-700x350.png 700w\" sizes=\"auto, (max-width: 1000px) 100vw, 1000px\" \/><\/div><\/a>\n\t\t<\/div>\n\t<\/div>\n<\/div><\/div><\/div><div class=\"wpb_column vc_column_container vc_col-sm-3\"><div class=\"vc_column-inner\"><div class=\"wpb_wrapper\">\n\t<div class=\"wpb_single_image wpb_content_element vc_align_left  qode_image_hover_zoom_in\">\n\t\t<div class=\"wpb_wrapper\">\n\t\t\t\n\t\t\t<a href=\"https:\/\/www.artsmontreal.org\/fr\" target=\"_blank\"><div class=\"vc_single_image-wrapper   vc_box_border_grey\"><img loading=\"lazy\" decoding=\"async\" width=\"1000\" height=\"500\" src=\"https:\/\/sixtrum.com\/wp-content\/uploads\/2020\/11\/conseil-arts-montreal-logo-noir.png\" class=\"vc_single_image-img attachment-full\" alt=\"\" title=\"conseil-arts-montreal-logo-noir\" srcset=\"https:\/\/sixtrum.com\/wp-content\/uploads\/2020\/11\/conseil-arts-montreal-logo-noir.png 1000w, https:\/\/sixtrum.com\/wp-content\/uploads\/2020\/11\/conseil-arts-montreal-logo-noir-300x150.png 300w, https:\/\/sixtrum.com\/wp-content\/uploads\/2020\/11\/conseil-arts-montreal-logo-noir-768x384.png 768w, https:\/\/sixtrum.com\/wp-content\/uploads\/2020\/11\/conseil-arts-montreal-logo-noir-700x350.png 700w\" sizes=\"auto, (max-width: 1000px) 100vw, 1000px\" \/><\/div><\/a>\n\t\t<\/div>\n\t<\/div>\n<\/div><\/div><\/div><div class=\"wpb_column vc_column_container vc_col-sm-3\"><div class=\"vc_column-inner\"><div class=\"wpb_wrapper\">\n\t<div class=\"wpb_single_image wpb_content_element vc_align_left  qode_image_hover_zoom_in\">\n\t\t<div class=\"wpb_wrapper\">\n\t\t\t\n\t\t\t<a href=\"https:\/\/www.calq.gouv.qc.ca\/\" target=\"_blank\"><div class=\"vc_single_image-wrapper   vc_box_border_grey\"><img loading=\"lazy\" decoding=\"async\" width=\"1000\" height=\"500\" src=\"https:\/\/sixtrum.com\/wp-content\/uploads\/2020\/11\/conseil-arts-lettres-quebec-logo-noir.png\" class=\"vc_single_image-img attachment-full\" alt=\"\" title=\"conseil-arts-lettres-quebec-logo-noir\" srcset=\"https:\/\/sixtrum.com\/wp-content\/uploads\/2020\/11\/conseil-arts-lettres-quebec-logo-noir.png 1000w, https:\/\/sixtrum.com\/wp-content\/uploads\/2020\/11\/conseil-arts-lettres-quebec-logo-noir-300x150.png 300w, https:\/\/sixtrum.com\/wp-content\/uploads\/2020\/11\/conseil-arts-lettres-quebec-logo-noir-768x384.png 768w, https:\/\/sixtrum.com\/wp-content\/uploads\/2020\/11\/conseil-arts-lettres-quebec-logo-noir-700x350.png 700w\" sizes=\"auto, (max-width: 1000px) 100vw, 1000px\" \/><\/div><\/a>\n\t\t<\/div>\n\t<\/div>\n<\/div><\/div><\/div><div class=\"wpb_column vc_column_container vc_col-sm-3\"><div class=\"vc_column-inner\"><div class=\"wpb_wrapper\">\n\t<div class=\"wpb_single_image wpb_content_element vc_align_left  qode_image_hover_zoom_in\">\n\t\t<div class=\"wpb_wrapper\">\n\t\t\t\n\t\t\t<a href=\"https:\/\/conseildesarts.ca\/\" target=\"_blank\"><div class=\"vc_single_image-wrapper   vc_box_border_grey\"><img loading=\"lazy\" decoding=\"async\" width=\"1000\" height=\"500\" src=\"https:\/\/sixtrum.com\/wp-content\/uploads\/2020\/11\/conseil-arts-canada-logo-noir.png\" class=\"vc_single_image-img attachment-full\" alt=\"\" title=\"conseil-arts-canada-logo-noir\" srcset=\"https:\/\/sixtrum.com\/wp-content\/uploads\/2020\/11\/conseil-arts-canada-logo-noir.png 1000w, https:\/\/sixtrum.com\/wp-content\/uploads\/2020\/11\/conseil-arts-canada-logo-noir-300x150.png 300w, https:\/\/sixtrum.com\/wp-content\/uploads\/2020\/11\/conseil-arts-canada-logo-noir-768x384.png 768w, https:\/\/sixtrum.com\/wp-content\/uploads\/2020\/11\/conseil-arts-canada-logo-noir-700x350.png 700w\" sizes=\"auto, (max-width: 1000px) 100vw, 1000px\" \/><\/div><\/a>\n\t\t<\/div>\n\t<\/div>\n<\/div><\/div><\/div><\/div><\/div><\/div>[\/vc_column][vc_column width=&#8221;1\/6&#8243;][\/vc_column][\/vc_row]<\/p>\n<\/div>","protected":false},"excerpt":{"rendered":"\u00c9couter\/Voir A concert imagined for Orford Music Festival We've designed a tailor-made program in honor of the exceptional composer who, having become deaf in his early thirties, enjoyed a long and extremely rich career despite his deafness. We therefore offer you a program that allows...","protected":false},"author":4,"featured_media":0,"parent":0,"menu_order":0,"comment_status":"closed","ping_status":"closed","template":"full_width.php","meta":{"footnotes":""},"class_list":["post-2795","page","type-page","status-publish","hentry"],"yoast_head":"<!-- This site is optimized with the Yoast SEO plugin v26.4 - https:\/\/yoast.com\/wordpress\/plugins\/seo\/ -->\n<title>Season 2024-2025 - Ensemble \u00e0 percussion Sixtrum<\/title>\n<meta name=\"description\" content=\"Bienvenue dans la 15e saison !\" \/>\n<meta name=\"robots\" content=\"index, follow, max-snippet:-1, max-image-preview:large, max-video-preview:-1\" \/>\n<link rel=\"canonical\" href=\"https:\/\/sixtrum.com\/en\/season-2024-2025\/\" \/>\n<meta property=\"og:locale\" content=\"en_US\" \/>\n<meta property=\"og:type\" content=\"article\" \/>\n<meta property=\"og:title\" content=\"Season 2024-2025 - Ensemble \u00e0 percussion Sixtrum\" \/>\n<meta property=\"og:description\" content=\"Bienvenue dans la 15e saison !\" \/>\n<meta property=\"og:url\" content=\"https:\/\/sixtrum.com\/en\/season-2024-2025\/\" \/>\n<meta property=\"og:site_name\" content=\"Ensemble \u00e0 percussion Sixtrum\" \/>\n<meta property=\"article:publisher\" content=\"https:\/\/www.facebook.com\/sixtrum\" \/>\n<meta property=\"article:modified_time\" content=\"2025-06-26T16:00:26+00:00\" \/>\n<meta property=\"og:image\" content=\"https:\/\/sixtrum.com\/wp-content\/uploads\/2020\/10\/sixtrum-ensemble-percussion-photo-groupe-hugo-lefort-fullscreen.jpg\" \/>\n\t<meta property=\"og:image:width\" content=\"2560\" \/>\n\t<meta property=\"og:image:height\" content=\"1440\" \/>\n\t<meta property=\"og:image:type\" content=\"image\/jpeg\" \/>\n<meta name=\"twitter:card\" content=\"summary_large_image\" \/>\n<meta name=\"twitter:site\" content=\"@sixtrum\" \/>\n<meta name=\"twitter:label1\" content=\"Est. reading time\" \/>\n\t<meta name=\"twitter:data1\" content=\"6 minutes\" \/>\n<script type=\"application\/ld+json\" class=\"yoast-schema-graph\">{\"@context\":\"https:\/\/schema.org\",\"@graph\":[{\"@type\":\"WebPage\",\"@id\":\"https:\/\/sixtrum.com\/en\/season-2024-2025\/\",\"url\":\"https:\/\/sixtrum.com\/en\/season-2024-2025\/\",\"name\":\"Season 2024-2025 - Ensemble \u00e0 percussion Sixtrum\",\"isPartOf\":{\"@id\":\"https:\/\/sixtrum.com\/en\/#website\"},\"datePublished\":\"2024-10-03T21:10:41+00:00\",\"dateModified\":\"2025-06-26T16:00:26+00:00\",\"description\":\"Bienvenue dans la 15e saison !\",\"breadcrumb\":{\"@id\":\"https:\/\/sixtrum.com\/en\/season-2024-2025\/#breadcrumb\"},\"inLanguage\":\"en-US\",\"potentialAction\":[{\"@type\":\"ReadAction\",\"target\":[\"https:\/\/sixtrum.com\/en\/season-2024-2025\/\"]}]},{\"@type\":\"BreadcrumbList\",\"@id\":\"https:\/\/sixtrum.com\/en\/season-2024-2025\/#breadcrumb\",\"itemListElement\":[{\"@type\":\"ListItem\",\"position\":1,\"name\":\"Accueil\",\"item\":\"https:\/\/sixtrum.com\/en\/\"},{\"@type\":\"ListItem\",\"position\":2,\"name\":\"Season 2024-2025\"}]},{\"@type\":\"WebSite\",\"@id\":\"https:\/\/sixtrum.com\/en\/#website\",\"url\":\"https:\/\/sixtrum.com\/en\/\",\"name\":\"Ensemble \u00e0 percussion Sixtrum\",\"description\":\"Une exploration d\u00e9brid\u00e9e de la percussion contemporaine\",\"publisher\":{\"@id\":\"https:\/\/sixtrum.com\/en\/#organization\"},\"potentialAction\":[{\"@type\":\"SearchAction\",\"target\":{\"@type\":\"EntryPoint\",\"urlTemplate\":\"https:\/\/sixtrum.com\/en\/?s={search_term_string}\"},\"query-input\":{\"@type\":\"PropertyValueSpecification\",\"valueRequired\":true,\"valueName\":\"search_term_string\"}}],\"inLanguage\":\"en-US\"},{\"@type\":\"Organization\",\"@id\":\"https:\/\/sixtrum.com\/en\/#organization\",\"name\":\"Sixtrum\",\"url\":\"https:\/\/sixtrum.com\/en\/\",\"logo\":{\"@type\":\"ImageObject\",\"inLanguage\":\"en-US\",\"@id\":\"https:\/\/sixtrum.com\/en\/#\/schema\/logo\/image\/\",\"url\":\"https:\/\/sixtrum.com\/wp-content\/uploads\/2020\/10\/sixtrum-ensemble-percussion-logo-noir.png\",\"contentUrl\":\"https:\/\/sixtrum.com\/wp-content\/uploads\/2020\/10\/sixtrum-ensemble-percussion-logo-noir.png\",\"width\":1000,\"height\":368,\"caption\":\"Sixtrum\"},\"image\":{\"@id\":\"https:\/\/sixtrum.com\/en\/#\/schema\/logo\/image\/\"},\"sameAs\":[\"https:\/\/www.facebook.com\/sixtrum\",\"https:\/\/x.com\/sixtrum\",\"https:\/\/www.instagram.com\/sixtrum_percussion\/\",\"https:\/\/www.youtube.com\/sixtrum\"]}]}<\/script>\n<!-- \/ Yoast SEO plugin. -->","yoast_head_json":{"title":"Season 2024-2025 - Ensemble \u00e0 percussion Sixtrum","description":"Bienvenue dans la 15e saison !","robots":{"index":"index","follow":"follow","max-snippet":"max-snippet:-1","max-image-preview":"max-image-preview:large","max-video-preview":"max-video-preview:-1"},"canonical":"https:\/\/sixtrum.com\/en\/season-2024-2025\/","og_locale":"en_US","og_type":"article","og_title":"Season 2024-2025 - Ensemble \u00e0 percussion Sixtrum","og_description":"Bienvenue dans la 15e saison !","og_url":"https:\/\/sixtrum.com\/en\/season-2024-2025\/","og_site_name":"Ensemble \u00e0 percussion Sixtrum","article_publisher":"https:\/\/www.facebook.com\/sixtrum","article_modified_time":"2025-06-26T16:00:26+00:00","og_image":[{"width":2560,"height":1440,"url":"https:\/\/sixtrum.com\/wp-content\/uploads\/2020\/10\/sixtrum-ensemble-percussion-photo-groupe-hugo-lefort-fullscreen.jpg","type":"image\/jpeg"}],"twitter_card":"summary_large_image","twitter_site":"@sixtrum","twitter_misc":{"Est. reading time":"6 minutes"},"schema":{"@context":"https:\/\/schema.org","@graph":[{"@type":"WebPage","@id":"https:\/\/sixtrum.com\/en\/season-2024-2025\/","url":"https:\/\/sixtrum.com\/en\/season-2024-2025\/","name":"Season 2024-2025 - Ensemble \u00e0 percussion Sixtrum","isPartOf":{"@id":"https:\/\/sixtrum.com\/en\/#website"},"datePublished":"2024-10-03T21:10:41+00:00","dateModified":"2025-06-26T16:00:26+00:00","description":"Bienvenue dans la 15e saison !","breadcrumb":{"@id":"https:\/\/sixtrum.com\/en\/season-2024-2025\/#breadcrumb"},"inLanguage":"en-US","potentialAction":[{"@type":"ReadAction","target":["https:\/\/sixtrum.com\/en\/season-2024-2025\/"]}]},{"@type":"BreadcrumbList","@id":"https:\/\/sixtrum.com\/en\/season-2024-2025\/#breadcrumb","itemListElement":[{"@type":"ListItem","position":1,"name":"Accueil","item":"https:\/\/sixtrum.com\/en\/"},{"@type":"ListItem","position":2,"name":"Season 2024-2025"}]},{"@type":"WebSite","@id":"https:\/\/sixtrum.com\/en\/#website","url":"https:\/\/sixtrum.com\/en\/","name":"Ensemble \u00e0 percussion Sixtrum","description":"Une exploration d\u00e9brid\u00e9e de la percussion contemporaine","publisher":{"@id":"https:\/\/sixtrum.com\/en\/#organization"},"potentialAction":[{"@type":"SearchAction","target":{"@type":"EntryPoint","urlTemplate":"https:\/\/sixtrum.com\/en\/?s={search_term_string}"},"query-input":{"@type":"PropertyValueSpecification","valueRequired":true,"valueName":"search_term_string"}}],"inLanguage":"en-US"},{"@type":"Organization","@id":"https:\/\/sixtrum.com\/en\/#organization","name":"Sixtrum","url":"https:\/\/sixtrum.com\/en\/","logo":{"@type":"ImageObject","inLanguage":"en-US","@id":"https:\/\/sixtrum.com\/en\/#\/schema\/logo\/image\/","url":"https:\/\/sixtrum.com\/wp-content\/uploads\/2020\/10\/sixtrum-ensemble-percussion-logo-noir.png","contentUrl":"https:\/\/sixtrum.com\/wp-content\/uploads\/2020\/10\/sixtrum-ensemble-percussion-logo-noir.png","width":1000,"height":368,"caption":"Sixtrum"},"image":{"@id":"https:\/\/sixtrum.com\/en\/#\/schema\/logo\/image\/"},"sameAs":["https:\/\/www.facebook.com\/sixtrum","https:\/\/x.com\/sixtrum","https:\/\/www.instagram.com\/sixtrum_percussion\/","https:\/\/www.youtube.com\/sixtrum"]}]}},"_links":{"self":[{"href":"https:\/\/sixtrum.com\/en\/wp-json\/wp\/v2\/pages\/2795","targetHints":{"allow":["GET"]}}],"collection":[{"href":"https:\/\/sixtrum.com\/en\/wp-json\/wp\/v2\/pages"}],"about":[{"href":"https:\/\/sixtrum.com\/en\/wp-json\/wp\/v2\/types\/page"}],"author":[{"embeddable":true,"href":"https:\/\/sixtrum.com\/en\/wp-json\/wp\/v2\/users\/4"}],"replies":[{"embeddable":true,"href":"https:\/\/sixtrum.com\/en\/wp-json\/wp\/v2\/comments?post=2795"}],"version-history":[{"count":11,"href":"https:\/\/sixtrum.com\/en\/wp-json\/wp\/v2\/pages\/2795\/revisions"}],"predecessor-version":[{"id":3257,"href":"https:\/\/sixtrum.com\/en\/wp-json\/wp\/v2\/pages\/2795\/revisions\/3257"}],"wp:attachment":[{"href":"https:\/\/sixtrum.com\/en\/wp-json\/wp\/v2\/media?parent=2795"}],"curies":[{"name":"wp","href":"https:\/\/api.w.org\/{rel}","templated":true}]}}