{"id":1886,"date":"2021-09-01T14:49:13","date_gmt":"2021-09-01T18:49:13","guid":{"rendered":"https:\/\/sixtrum.com\/saison-2021-2022\/"},"modified":"2023-04-13T18:06:58","modified_gmt":"2023-04-13T22:06:58","slug":"2021-2022","status":"publish","type":"page","link":"https:\/\/sixtrum.com\/en\/2021-2022\/","title":{"rendered":"Season 2021-2022"},"content":{"rendered":"<div class=\"wpb-content-wrapper\"><p>[vc_row css_animation=&#8221;&#8221; row_type=&#8221;row&#8221; use_row_as_full_screen_section=&#8221;no&#8221; type=&#8221;grid&#8221; angled_section=&#8221;no&#8221; text_align=&#8221;left&#8221; background_image_as_pattern=&#8221;without_pattern&#8221; z_index=&#8221;&#8221; padding_top=&#8221;64&#8243; padding_bottom=&#8221;64&#8243; background_color=&#8221;#e6e3e3&#8243;][vc_column width=&#8221;1\/2&#8243;][vc_single_image image=&#8221;1471&#8243; img_size=&#8221;full&#8221; onclick=&#8221;custom_link&#8221; qode_css_animation=&#8221;&#8221; qode_hover_animation=&#8221;zoom_in&#8221; link=&#8221;https:\/\/sixtrum.com\/en\/diffuseurs\/6marimbas\/&#8221;][vc_empty_space][\/vc_column][vc_column width=&#8221;1\/2&#8243;][vc_column_text]<\/p>\n<h3>6 marimbas<\/h3>\n<p>The 6 marimbas concert features works by composers from Canada and the United States and offers listeners the opportunity to discover the rich sound of these instruments through works that illustrate a wide variety of playing styles and musical writing.<\/p>\n<p>Several dates are planned for the summer of 2022: Jardins de M\u00e9tis, Saguenay-Lac-Saint-Jean and the OSM&#8217;s Montreal tour (Th\u00e9\u00e2tre Jean Duceppe). See all the dates of this program <a href=\"https:\/\/sixtrum.com\/en\/calendar\/\">HERE<\/a>.[\/vc_column_text][vc_empty_space height=&#8221;16px&#8221;]<div class='q_icon_with_title tiny circle left_from_title '><div class=\"icon_text_holder\" style=\"\"><div class=\"icon_text_inner\" style=\"\"><div class=\"icon_title_holder\"><div class=\"icon_holder \" style=\" \"><span data-icon-type=\"circle\" data-icon-hover-bg-color=\"#ffde4e\" class=\"qode_iwt_icon_holder fa-stack fa-lg  \" style=\"border-color: #ffde4e;background-color: #ffde4e\"><i class=\"qode_icon_font_awesome fa fa-calendar qode_iwt_icon_element\" style=\"color: #000000\"><\/i><\/span><\/div><h6 class=\"icon_title\" style=\"\">July, 23rd &amp; 24th \/ august 13th 2022<\/h6><\/div><p style=''><\/p><\/div><\/div><\/div><div class='q_icon_with_title tiny circle left_from_title '><div class=\"icon_text_holder\" style=\"\"><div class=\"icon_text_inner\" style=\"\"><div class=\"icon_title_holder\"><div class=\"icon_holder \" style=\" \"><span data-icon-type=\"circle\" data-icon-hover-bg-color=\"#ffde4e\" class=\"qode_iwt_icon_holder fa-stack fa-lg  \" style=\"border-color: #ffde4e;background-color: #ffde4e\"><i class=\"qode_icon_font_awesome fa fa-map-pin qode_iwt_icon_element\" style=\"color: #000000\"><\/i><\/span><\/div><h6 class=\"icon_title\" style=\"\">Saguenay, Montreal<\/h6><\/div><p style=''><\/p><\/div><\/div><\/div><a  itemprop=\"url\" href=\"https:\/\/sixtrum.com\/en\/diffuseurs\/6marimbas\/\" target=\"_self\"  class=\"qbutton  default\" style=\"margin: 4px; \">Informations<i class=\"qode_icon_font_awesome fa fa-angle-right qode_button_icon_element\"><\/i><\/a><a  itemprop=\"url\" href=\"\" target=\"_blank\"  class=\"qbutton  default\" style=\"margin: 4px; \">TICKETS<\/a>[\/vc_column][\/vc_row][vc_row css_animation=&#8221;&#8221; row_type=&#8221;row&#8221; use_row_as_full_screen_section=&#8221;no&#8221; type=&#8221;grid&#8221; angled_section=&#8221;no&#8221; text_align=&#8221;left&#8221; background_image_as_pattern=&#8221;without_pattern&#8221; z_index=&#8221;&#8221; padding_top=&#8221;64&#8243; padding_bottom=&#8221;64&#8243; background_color=&#8221;#ffffff&#8221;][vc_column width=&#8221;1\/2&#8243;][vc_single_image image=&#8221;661&#8243; img_size=&#8221;full&#8221; onclick=&#8221;custom_link&#8221; qode_css_animation=&#8221;&#8221; qode_hover_animation=&#8221;zoom_in&#8221; link=&#8221;https:\/\/sixtrum.com\/en\/diffuseurs\/dans-ma-valise\/&#8221;][vc_empty_space][\/vc_column][vc_column width=&#8221;1\/2&#8243;][vc_column_text]<\/p>\n<h3>Dans ma valise<\/h3>\n<h5>Theatre &amp; percussion improvisation show<\/h5>\n<p>&#8220;Dans ma valise&#8221; is an improvisation show with actors and percussionists. It takes place in the street, with suitcases of different sizes and colors, each of which contains instruments, props and instructions that launch the improvisers into various themes.[\/vc_column_text][vc_empty_space height=&#8221;16px&#8221;]<div class='q_icon_with_title tiny circle left_from_title '><div class=\"icon_text_holder\" style=\"\"><div class=\"icon_text_inner\" style=\"\"><div class=\"icon_title_holder\"><div class=\"icon_holder \" style=\" \"><span data-icon-type=\"circle\" data-icon-hover-bg-color=\"#ffde4e\" class=\"qode_iwt_icon_holder fa-stack fa-lg  \" style=\"border-color: #ffde4e;background-color: #ffde4e\"><i class=\"qode_icon_font_awesome fa fa-calendar qode_iwt_icon_element\" style=\"color: #000000\"><\/i><\/span><\/div><h6 class=\"icon_title\" style=\"\">August, 25th \/ September, 1rst 2022<\/h6><\/div><p style=''><\/p><\/div><\/div><\/div><div class='q_icon_with_title tiny circle left_from_title '><div class=\"icon_text_holder\" style=\"\"><div class=\"icon_text_inner\" style=\"\"><div class=\"icon_title_holder\"><div class=\"icon_holder \" style=\" \"><span data-icon-type=\"circle\" data-icon-hover-bg-color=\"#ffde4e\" class=\"qode_iwt_icon_holder fa-stack fa-lg  \" style=\"border-color: #ffde4e;background-color: #ffde4e\"><i class=\"qode_icon_font_awesome fa fa-map-pin qode_iwt_icon_element\" style=\"color: #000000\"><\/i><\/span><\/div><h6 class=\"icon_title\" style=\"\">Quartier des spectacles<\/h6><\/div><p style=''><\/p><\/div><\/div><\/div><a  itemprop=\"url\" href=\"https:\/\/sixtrum.com\/en\/diffuseurs\/dans-ma-valise\/\" target=\"_self\"  class=\"qbutton  default\" style=\"margin: 4px; \">Informations<i class=\"qode_icon_font_awesome fa fa-angle-right qode_button_icon_element\"><\/i><\/a><a  itemprop=\"url\" href=\"\" target=\"_blank\"  class=\"qbutton  default\" style=\"margin: 4px; \">Free<\/a>[\/vc_column][\/vc_row][vc_row css_animation=&#8221;&#8221; row_type=&#8221;row&#8221; use_row_as_full_screen_section=&#8221;no&#8221; type=&#8221;grid&#8221; angled_section=&#8221;no&#8221; text_align=&#8221;left&#8221; background_image_as_pattern=&#8221;without_pattern&#8221; z_index=&#8221;&#8221; padding_top=&#8221;64&#8243; padding_bottom=&#8221;64&#8243; background_color=&#8221;#e6e3e3&#8243;][vc_column width=&#8221;1\/2&#8243;][vc_single_image image=&#8221;1037&#8243; img_size=&#8221;full&#8221; onclick=&#8221;custom_link&#8221; qode_css_animation=&#8221;&#8221; qode_hover_animation=&#8221;zoom_in&#8221; link=&#8221;https:\/\/sixtrum.com\/en\/diffuseurs\/polytopexxi\/&#8221;][vc_empty_space][\/vc_column][vc_column width=&#8221;1\/2&#8243;][vc_column_text]<\/p>\n<h3>Polytope XXI<\/h3>\n<h5>Tribute to Iannis Xenakis<\/h5>\n<p>On the occasion of the 100th birthday of the famous composer, architect and engineer, Sixtrum performs a 2022 version of the monumental piece <em>Polytope.<\/em>[\/vc_column_text][vc_empty_space height=&#8221;16px&#8221;]<div class='q_icon_with_title tiny circle left_from_title '><div class=\"icon_text_holder\" style=\"\"><div class=\"icon_text_inner\" style=\"\"><div class=\"icon_title_holder\"><div class=\"icon_holder \" style=\" \"><span data-icon-type=\"circle\" data-icon-hover-bg-color=\"#ffde4e\" class=\"qode_iwt_icon_holder fa-stack fa-lg  \" style=\"border-color: #ffde4e;background-color: #ffde4e\"><i class=\"qode_icon_font_awesome fa fa-calendar qode_iwt_icon_element\" style=\"color: #000000\"><\/i><\/span><\/div><h6 class=\"icon_title\" style=\"\">May, 25th, 2022, 7:30 PM<\/h6><\/div><p style=''><\/p><\/div><\/div><\/div><div class='q_icon_with_title tiny circle left_from_title '><div class=\"icon_text_holder\" style=\"\"><div class=\"icon_text_inner\" style=\"\"><div class=\"icon_title_holder\"><div class=\"icon_holder \" style=\" \"><span data-icon-type=\"circle\" data-icon-hover-bg-color=\"#ffde4e\" class=\"qode_iwt_icon_holder fa-stack fa-lg  \" style=\"border-color: #ffde4e;background-color: #ffde4e\"><i class=\"qode_icon_font_awesome fa fa-map-pin qode_iwt_icon_element\" style=\"color: #000000\"><\/i><\/span><\/div><h6 class=\"icon_title\" style=\"\">Salle Claude Champagne<\/h6><\/div><p style=''><\/p><\/div><\/div><\/div><a  itemprop=\"url\" href=\"https:\/\/sixtrum.com\/en\/diffuseurs\/polytopexxi\/\" target=\"_self\"  class=\"qbutton  default\" style=\"margin: 4px; \">Informations<i class=\"qode_icon_font_awesome fa fa-angle-right qode_button_icon_element\"><\/i><\/a><a  itemprop=\"url\" href=\"https:\/\/musiqueumontreal.tuxedobillet.com\/main\/polytope-xxi\" target=\"_blank\"  class=\"qbutton  default\" style=\"margin: 4px; \">Tickets<\/a>[\/vc_column][\/vc_row][vc_row css_animation=&#8221;&#8221; row_type=&#8221;row&#8221; use_row_as_full_screen_section=&#8221;no&#8221; type=&#8221;grid&#8221; angled_section=&#8221;no&#8221; text_align=&#8221;left&#8221; background_image_as_pattern=&#8221;without_pattern&#8221; z_index=&#8221;&#8221; padding_top=&#8221;64&#8243; padding_bottom=&#8221;64&#8243; background_color=&#8221;#ffffff&#8221;][vc_column width=&#8221;1\/2&#8243;][vc_single_image image=&#8221;568&#8243; img_size=&#8221;full&#8221; onclick=&#8221;custom_link&#8221; qode_css_animation=&#8221;&#8221; qode_hover_animation=&#8221;zoom_in&#8221; link=&#8221;https:\/\/sixtrum.com\/diffuseurs\/archipel\/&#8221;][vc_empty_space][\/vc_column][vc_column width=&#8221;1\/2&#8243;][vc_column_text]<\/p>\n<h3>L&#8217;Archipel aux mille sons<\/h3>\n<h5>Tour in Abitibi-T\u00e9miscamingue<\/h5>\n<p>Despite several cancellations and\/or postponements of our concerts, the dates set for our tour in Abitibi are maintained! Our Archipelago will have the opportunity to travel to the northern province thanks to the Festival Petits Bonheurs of Val D&#8217;Or and the Petit Th\u00e9\u00e2tre of Rouyn-Noranda.[\/vc_column_text][vc_empty_space height=&#8221;16px&#8221;]<div class='q_icon_with_title tiny circle left_from_title '><div class=\"icon_text_holder\" style=\"\"><div class=\"icon_text_inner\" style=\"\"><div class=\"icon_title_holder\"><div class=\"icon_holder \" style=\" \"><span data-icon-type=\"circle\" data-icon-hover-bg-color=\"#ffde4e\" class=\"qode_iwt_icon_holder fa-stack fa-lg  \" style=\"border-color: #ffde4e;background-color: #ffde4e\"><i class=\"qode_icon_font_awesome fa fa-calendar qode_iwt_icon_element\" style=\"color: #000000\"><\/i><\/span><\/div><h6 class=\"icon_title\" style=\"\">May, 13th, 14th, 15th, 2022<\/h6><\/div><p style=''><\/p><\/div><\/div><\/div><div class='q_icon_with_title tiny circle left_from_title '><div class=\"icon_text_holder\" style=\"\"><div class=\"icon_text_inner\" style=\"\"><div class=\"icon_title_holder\"><div class=\"icon_holder \" style=\" \"><span data-icon-type=\"circle\" data-icon-hover-bg-color=\"#ffde4e\" class=\"qode_iwt_icon_holder fa-stack fa-lg  \" style=\"border-color: #ffde4e;background-color: #ffde4e\"><i class=\"qode_icon_font_awesome fa fa-map-pin qode_iwt_icon_element\" style=\"color: #000000\"><\/i><\/span><\/div><h6 class=\"icon_title\" style=\"\">Senneterre, Rouyn-Noranda and Val D'Or<\/h6><\/div><p style=''><\/p><\/div><\/div><\/div><a  itemprop=\"url\" href=\"https:\/\/sixtrum.com\/en\/diffuseurs\/archipel\/\" target=\"_self\"  class=\"qbutton  default\" style=\"margin: 4px; \">Informations<i class=\"qode_icon_font_awesome fa fa-angle-right qode_button_icon_element\"><\/i><\/a><a  itemprop=\"url\" href=\"https:\/\/sixtrum.com\/en\/calendar\/\" target=\"_blank\"  class=\"qbutton  default\" style=\"margin: 4px; \">Tickets<\/a>[\/vc_column][\/vc_row][vc_row css_animation=&#8221;&#8221; row_type=&#8221;row&#8221; use_row_as_full_screen_section=&#8221;no&#8221; type=&#8221;grid&#8221; angled_section=&#8221;no&#8221; text_align=&#8221;left&#8221; background_image_as_pattern=&#8221;without_pattern&#8221; z_index=&#8221;&#8221; padding_top=&#8221;64&#8243; padding_bottom=&#8221;64&#8243; background_color=&#8221;#e6e3e3&#8243;][vc_column width=&#8221;1\/2&#8243;][vc_single_image image=&#8221;1222&#8243; img_size=&#8221;full&#8221; onclick=&#8221;custom_link&#8221; qode_css_animation=&#8221;&#8221; qode_hover_animation=&#8221;zoom_in&#8221; link=&#8221;http:\/\/smcq.qc.ca\/smcq\/fr\/evenement\/43756\/brasier-portrait-de-linda-bouchard&#8221;][vc_empty_space][\/vc_column][vc_column width=&#8221;1\/2&#8243;][vc_column_text]<\/p>\n<h3>Brasier &#8211; portrait of Linda Bouchard<\/h3>\n<h5>An invitation from the Soci\u00e9t\u00e9 de musique contemporaine du Qu\u00e9bec (SMCQ)<\/h5>\n<p>This portrait of composer Linda Bouchard takes us on a journey through music that has the rhythm of natural phenomena and whose different layers and influences create a singular soundscape.[\/vc_column_text][vc_empty_space height=&#8221;16px&#8221;]<div class='q_icon_with_title tiny circle left_from_title '><div class=\"icon_text_holder\" style=\"\"><div class=\"icon_text_inner\" style=\"\"><div class=\"icon_title_holder\"><div class=\"icon_holder \" style=\" \"><span data-icon-type=\"circle\" data-icon-hover-bg-color=\"#ffde4e\" class=\"qode_iwt_icon_holder fa-stack fa-lg  \" style=\"border-color: #ffde4e;background-color: #ffde4e\"><i class=\"qode_icon_font_awesome fa fa-calendar qode_iwt_icon_element\" style=\"color: #000000\"><\/i><\/span><\/div><h6 class=\"icon_title\" style=\"\">May, 1rst. 2022<\/h6><\/div><p style=''><\/p><\/div><\/div><\/div><div class='q_icon_with_title tiny circle left_from_title '><div class=\"icon_text_holder\" style=\"\"><div class=\"icon_text_inner\" style=\"\"><div class=\"icon_title_holder\"><div class=\"icon_holder \" style=\" \"><span data-icon-type=\"circle\" data-icon-hover-bg-color=\"#ffde4e\" class=\"qode_iwt_icon_holder fa-stack fa-lg  \" style=\"border-color: #ffde4e;background-color: #ffde4e\"><i class=\"qode_icon_font_awesome fa fa-map-pin qode_iwt_icon_element\" style=\"color: #000000\"><\/i><\/span><\/div><h6 class=\"icon_title\" style=\"\">Salle Pierre Mercure, Centre Pierre P\u00e9ladeau<\/h6><\/div><p style=''><\/p><\/div><\/div><\/div><a  itemprop=\"url\" href=\"http:\/\/smcq.qc.ca\/smcq\/fr\/evenement\/43756\/brasier-portrait-de-linda-bouchard\" target=\"_self\"  class=\"qbutton  default\" style=\"margin: 4px; \">Informations<i class=\"qode_icon_font_awesome fa fa-angle-right qode_button_icon_element\"><\/i><\/a><a  itemprop=\"url\" href=\"https:\/\/centrepierrepeladeau.tuxedobillet.com\/main\/brasier-portrait-de-linda-bouchard\" target=\"_blank\"  class=\"qbutton  default\" style=\"margin: 4px; \">Tickets<\/a>[\/vc_column][\/vc_row][vc_row css_animation=&#8221;&#8221; row_type=&#8221;row&#8221; use_row_as_full_screen_section=&#8221;no&#8221; type=&#8221;grid&#8221; angled_section=&#8221;no&#8221; text_align=&#8221;left&#8221; background_image_as_pattern=&#8221;without_pattern&#8221; z_index=&#8221;&#8221; padding_top=&#8221;64&#8243; padding_bottom=&#8221;64&#8243; background_color=&#8221;#ffffff&#8221;][vc_column width=&#8221;1\/2&#8243;][vc_single_image image=&#8221;1029&#8243; img_size=&#8221;full&#8221; qode_css_animation=&#8221;&#8221; qode_hover_animation=&#8221;zoom_in&#8221;][vc_empty_space][\/vc_column][vc_column width=&#8221;1\/2&#8243;][vc_column_text]<\/p>\n<h3>55th\u00a0 birthday of the SMCQ &#8211; Yesterday and today&#8230;<\/h3>\n<p>An invitation from the Soci\u00e9t\u00e9 de Musique contemporaine du Qu\u00e9bec<\/p>\n<p>Relive the very first concert of the Soci\u00e9t\u00e9 de musique contemporaine du Qu\u00e9bec! This event, which confirmed Quebec&#8217;s entry into the musical modernity, revealed some of our great composers. Works by Boulez, Garant, Klanac, Mather and Schafer.[\/vc_column_text][vc_empty_space height=&#8221;16px&#8221;]<div class='q_icon_with_title tiny circle left_from_title '><div class=\"icon_text_holder\" style=\"\"><div class=\"icon_text_inner\" style=\"\"><div class=\"icon_title_holder\"><div class=\"icon_holder \" style=\" \"><span data-icon-type=\"circle\" data-icon-hover-bg-color=\"#ffde4e\" class=\"qode_iwt_icon_holder fa-stack fa-lg  \" style=\"border-color: #ffde4e;background-color: #ffde4e\"><i class=\"qode_icon_font_awesome fa fa-calendar qode_iwt_icon_element\" style=\"color: #000000\"><\/i><\/span><\/div><h6 class=\"icon_title\" style=\"\">December 15th, 2021<\/h6><\/div><p style=''><\/p><\/div><\/div><\/div><div class='q_icon_with_title tiny circle left_from_title '><div class=\"icon_text_holder\" style=\"\"><div class=\"icon_text_inner\" style=\"\"><div class=\"icon_title_holder\"><div class=\"icon_holder \" style=\" \"><span data-icon-type=\"circle\" data-icon-hover-bg-color=\"#ffde4e\" class=\"qode_iwt_icon_holder fa-stack fa-lg  \" style=\"border-color: #ffde4e;background-color: #ffde4e\"><i class=\"qode_icon_font_awesome fa fa-map-pin qode_iwt_icon_element\" style=\"color: #000000\"><\/i><\/span><\/div><h6 class=\"icon_title\" style=\"\">Salle Pierre Mercure - Centre Pierre P\u00e9ladeau<\/h6><\/div><p style=''><\/p><\/div><\/div><\/div><a  itemprop=\"url\" href=\"http:\/\/smcq.qc.ca\/smcq\/fr\/evenement\/43751\/55e-anniversaire-de-la-smcq-hier\" target=\"_self\"  class=\"qbutton  default\" style=\"margin: 4px; \">Informations<i class=\"qode_icon_font_awesome fa fa-angle-right qode_button_icon_element\"><\/i><\/a><a  itemprop=\"url\" href=\"https:\/\/centrepierrepeladeau.tuxedobillet.com\/main\/scmq-55e-anniversaire-hier-et-aujourdhui\" target=\"_blank\"  class=\"qbutton  default\" style=\"margin: 4px; \">Tickets<\/a>[\/vc_column][\/vc_row][vc_row css_animation=&#8221;&#8221; row_type=&#8221;row&#8221; use_row_as_full_screen_section=&#8221;no&#8221; type=&#8221;grid&#8221; angled_section=&#8221;no&#8221; text_align=&#8221;left&#8221; background_image_as_pattern=&#8221;without_pattern&#8221; z_index=&#8221;&#8221; padding_top=&#8221;64&#8243; padding_bottom=&#8221;64&#8243; background_color=&#8221;#e6e3e3&#8243;][vc_column width=&#8221;1\/2&#8243;][vc_single_image image=&#8221;1012&#8243; img_size=&#8221;full&#8221; onclick=&#8221;custom_link&#8221; qode_css_animation=&#8221;&#8221; qode_hover_animation=&#8221;zoom_in&#8221; link=&#8221;https:\/\/sixtrum.com\/en\/2021-2022\/point-de-fusion-fusion-point\/&#8221;][vc_empty_space][\/vc_column][vc_column width=&#8221;1\/2&#8243;][vc_column_text]<\/p>\n<h3>Point de fusion \/ Fusion point<\/h3>\n<h5><strong>A co-production with the Evergreen Club Contemporary Gamelan<\/strong><\/h5>\n<p>The melting point is that point of equilibrium between two states, liquid and solid, that starting point of all possibilities. Evergreen Club Contemporary Gamelan and Sixtrum, the ensemble resident at the University&#8217;s Faculty of Music, join forces for the first time to search for this point of fusion, between Indonesian gamelan instruments and classical percussion instruments, between sounds derived from metal, wood and skins.[\/vc_column_text][vc_empty_space height=&#8221;16px&#8221;]<div class='q_icon_with_title tiny circle left_from_title '><div class=\"icon_text_holder\" style=\"\"><div class=\"icon_text_inner\" style=\"\"><div class=\"icon_title_holder\"><div class=\"icon_holder \" style=\" \"><span data-icon-type=\"circle\" data-icon-hover-bg-color=\"#ffde4e\" class=\"qode_iwt_icon_holder fa-stack fa-lg  \" style=\"border-color: #ffde4e;background-color: #ffde4e\"><i class=\"qode_icon_font_awesome fa fa-calendar qode_iwt_icon_element\" style=\"color: #000000\"><\/i><\/span><\/div><h6 class=\"icon_title\" style=\"\">November 24th, 27th and 28th, 2021<\/h6><\/div><p style=''><\/p><\/div><\/div><\/div><div class='q_icon_with_title tiny circle left_from_title '><div class=\"icon_text_holder\" style=\"\"><div class=\"icon_text_inner\" style=\"\"><div class=\"icon_title_holder\"><div class=\"icon_holder \" style=\" \"><span data-icon-type=\"circle\" data-icon-hover-bg-color=\"#ffde4e\" class=\"qode_iwt_icon_holder fa-stack fa-lg  \" style=\"border-color: #ffde4e;background-color: #ffde4e\"><i class=\"qode_icon_font_awesome fa fa-map-pin qode_iwt_icon_element\" style=\"color: #000000\"><\/i><\/span><\/div><h6 class=\"icon_title\" style=\"\">Salle Claude Champagne (Montr\u00e9al) \/ Music Gallery (Toronto)<\/h6><\/div><p style=''><\/p><\/div><\/div><\/div><a  itemprop=\"url\" href=\"https:\/\/sixtrum.com\/en\/2021-2022\/point-de-fusion-fusion-point\/\" target=\"_self\"  class=\"qbutton  default\" style=\"margin: 4px; \">Informations<i class=\"qode_icon_font_awesome fa fa-angle-right qode_button_icon_element\"><\/i><\/a><a  itemprop=\"url\" href=\"https:\/\/musiqueumontreal.tuxedobillet.com\/\" target=\"_blank\"  class=\"qbutton  default\" style=\"margin: 4px; \">Tickets (Mtl)<\/a><a  itemprop=\"url\" href=\"https:\/\/www.showclix.com\/event\/fusionpoint1\" target=\"_blank\"  class=\"qbutton  default\" style=\"margin: 4px; \">Tickets (Toronto)<\/a>[\/vc_column][\/vc_row][vc_row css_animation=&#8221;&#8221; row_type=&#8221;row&#8221; use_row_as_full_screen_section=&#8221;no&#8221; type=&#8221;grid&#8221; angled_section=&#8221;no&#8221; text_align=&#8221;left&#8221; background_image_as_pattern=&#8221;without_pattern&#8221; z_index=&#8221;&#8221; padding_top=&#8221;64&#8243; padding_bottom=&#8221;64&#8243;][vc_column width=&#8221;1\/2&#8243;][vc_single_image image=&#8221;1089&#8243; img_size=&#8221;full&#8221; onclick=&#8221;custom_link&#8221; qode_css_animation=&#8221;&#8221; qode_hover_animation=&#8221;zoom_in&#8221; link=&#8221;https:\/\/sixtrum.com\/en\/2021-2022\/les-espaces-physiques\/&#8221;][vc_empty_space][\/vc_column][vc_column width=&#8221;1\/2&#8243;][vc_column_text]<\/p>\n<h3>Les espaces physiques<\/h3>\n<h5>A coproduction with <a href=\"https:\/\/levivier.ca\/\">Le Vivier<\/a> and l&#8217;<a href=\"https:\/\/www.eunicglobal.eu\/\">EUNIC<\/a><br \/>\nA collaboration with the\u00a0 <a href=\"https:\/\/www.cirmmt.org\/\">CIRMMT<\/a> within the framework of the event R\u00e9sonance Crois\u00e9e.<\/h5>\n<p>Sixtrum invites the Italian composer and mathematician Carmine Emanuele Cella for the creation of his triptych for augmented percussion instruments.[\/vc_column_text][vc_empty_space height=&#8221;16px&#8221;]<div class='q_icon_with_title tiny circle left_from_title '><div class=\"icon_text_holder\" style=\"\"><div class=\"icon_text_inner\" style=\"\"><div class=\"icon_title_holder\"><div class=\"icon_holder \" style=\" \"><span data-icon-type=\"circle\" data-icon-hover-bg-color=\"#ffde4e\" class=\"qode_iwt_icon_holder fa-stack fa-lg  \" style=\"border-color: #ffde4e;background-color: #ffde4e\"><i class=\"qode_icon_font_awesome fa fa-calendar qode_iwt_icon_element\" style=\"color: #000000\"><\/i><\/span><\/div><h6 class=\"icon_title\" style=\"\">October 7th, 2021<\/h6><\/div><p style=''><\/p><\/div><\/div><\/div><div class='q_icon_with_title tiny circle left_from_title '><div class=\"icon_text_holder\" style=\"\"><div class=\"icon_text_inner\" style=\"\"><div class=\"icon_title_holder\"><div class=\"icon_holder \" style=\" \"><span data-icon-type=\"circle\" data-icon-hover-bg-color=\"#ffde4e\" class=\"qode_iwt_icon_holder fa-stack fa-lg  \" style=\"border-color: #ffde4e;background-color: #ffde4e\"><i class=\"qode_icon_font_awesome fa fa-map-pin qode_iwt_icon_element\" style=\"color: #000000\"><\/i><\/span><\/div><h6 class=\"icon_title\" style=\"\">Multimedia room of the Schulich Music School, Universit\u00e9 de McGill<\/h6><\/div><p style=''><\/p><\/div><\/div><\/div><a  itemprop=\"url\" href=\"https:\/\/sixtrum.com\/en\/2021-2022\/les-espaces-physiques\/\" target=\"_self\"  class=\"qbutton  default\" style=\"margin: 4px; \">Informations<i class=\"qode_icon_font_awesome fa fa-angle-right qode_button_icon_element\"><\/i><\/a><a  itemprop=\"url\" href=\"\" target=\"_blank\"  class=\"qbutton  default\" style=\"margin: 4px; \">Tickets<\/a>[\/vc_column][\/vc_row][vc_row css_animation=&#8221;&#8221; row_type=&#8221;row&#8221; use_row_as_full_screen_section=&#8221;no&#8221; type=&#8221;grid&#8221; angled_section=&#8221;no&#8221; text_align=&#8221;left&#8221; background_image_as_pattern=&#8221;without_pattern&#8221; z_index=&#8221;&#8221; padding_top=&#8221;64&#8243; padding_bottom=&#8221;64&#8243; background_color=&#8221;#e6e3e3&#8243;][vc_column width=&#8221;1\/2&#8243;][vc_single_image image=&#8221;692&#8243; img_size=&#8221;full&#8221; onclick=&#8221;custom_link&#8221; qode_css_animation=&#8221;&#8221; qode_hover_animation=&#8221;zoom_in&#8221; link=&#8221;https:\/\/sixtrum.com\/saison-2021-2022\/in-auditorium-concert-de-la-smcq\/&#8221;][vc_empty_space][\/vc_column][vc_column width=&#8221;1\/2&#8243;][vc_column_text]<\/p>\n<h3>In auditorium &#8211; A portrait of Andr\u00e9 Hamel<\/h3>\n<h5>A performance by the Soci\u00e9t\u00e9 de musique contemporaine du Qu\u00e9bec (SMCQ)<\/h5>\n<p>At the invitation of the SMCQ, Sixtrum participates in this first portrait of a local composer that will immerse you in the repertoire of Andr\u00e9 Hamel&#8217;s spatialized pieces.[\/vc_column_text][vc_empty_space height=&#8221;16px&#8221;]<div class='q_icon_with_title tiny circle left_from_title '><div class=\"icon_text_holder\" style=\"\"><div class=\"icon_text_inner\" style=\"\"><div class=\"icon_title_holder\"><div class=\"icon_holder \" style=\" \"><span data-icon-type=\"circle\" data-icon-hover-bg-color=\"#ffde4e\" class=\"qode_iwt_icon_holder fa-stack fa-lg  \" style=\"border-color: #ffde4e;background-color: #ffde4e\"><i class=\"qode_icon_font_awesome fa fa-calendar qode_iwt_icon_element\" style=\"color: #000000\"><\/i><\/span><\/div><h6 class=\"icon_title\" style=\"\">September 26th, 2021<\/h6><\/div><p style=''><\/p><\/div><\/div><\/div><div class='q_icon_with_title tiny circle left_from_title '><div class=\"icon_text_holder\" style=\"\"><div class=\"icon_text_inner\" style=\"\"><div class=\"icon_title_holder\"><div class=\"icon_holder \" style=\" \"><span data-icon-type=\"circle\" data-icon-hover-bg-color=\"#ffde4e\" class=\"qode_iwt_icon_holder fa-stack fa-lg  \" style=\"border-color: #ffde4e;background-color: #ffde4e\"><i class=\"qode_icon_font_awesome fa fa-map-pin qode_iwt_icon_element\" style=\"color: #000000\"><\/i><\/span><\/div><h6 class=\"icon_title\" style=\"\">Salle Pierre Mercure (Centre Pierre Peladeau) et en webdiffusion<\/h6><\/div><p style=''><\/p><\/div><\/div><\/div><a  itemprop=\"url\" href=\"https:\/\/sixtrum.com\/saison-2021-2022\/in-auditorium-concert-de-la-smcq\/\" target=\"_self\"  class=\"qbutton  default\" style=\"margin: 4px; \">Informations<i class=\"qode_icon_font_awesome fa fa-angle-right qode_button_icon_element\"><\/i><\/a><a  itemprop=\"url\" href=\"http:\/\/www.smcq.qc.ca\/smcq\/fr\/evenement\/43748\/In_auditorium_Portrait_d_Andr%C3%A9_Hamel\" target=\"_blank\"  class=\"qbutton  default\" style=\"margin: 4px; \">Tickets<\/a>[\/vc_column][\/vc_row][vc_row css_animation=&#8221;&#8221; row_type=&#8221;row&#8221; use_row_as_full_screen_section=&#8221;no&#8221; type=&#8221;grid&#8221; angled_section=&#8221;no&#8221; text_align=&#8221;left&#8221; background_image_as_pattern=&#8221;without_pattern&#8221; z_index=&#8221;&#8221; padding_top=&#8221;64&#8243; padding_bottom=&#8221;64&#8243;][vc_column width=&#8221;1\/2&#8243;][vc_single_image image=&#8221;661&#8243; img_size=&#8221;full&#8221; onclick=&#8221;custom_link&#8221; qode_css_animation=&#8221;&#8221; qode_hover_animation=&#8221;zoom_in&#8221; link=&#8221;https:\/\/sixtrum.com\/en\/diffuseurs\/dans-ma-valise\/&#8221;][vc_empty_space][\/vc_column][vc_column width=&#8221;1\/2&#8243;][vc_column_text]<\/p>\n<h3>Dans ma valise (&#8221;In my suitcase&#8221;)<\/h3>\n<p><em>Dans ma valise<\/em> is an improvisation show with actors and percussionists. It takes place in the street, with suitcases of different sizes and colors, each of which contains instruments, props and instructions that launch the improvisers into various themes.[\/vc_column_text][vc_empty_space height=&#8221;16px&#8221;]<div class='q_icon_with_title tiny circle left_from_title '><div class=\"icon_text_holder\" style=\"\"><div class=\"icon_text_inner\" style=\"\"><div class=\"icon_title_holder\"><div class=\"icon_holder \" style=\" \"><span data-icon-type=\"circle\" data-icon-hover-bg-color=\"#ffde4e\" class=\"qode_iwt_icon_holder fa-stack fa-lg  \" style=\"border-color: #ffde4e;background-color: #ffde4e\"><i class=\"qode_icon_font_awesome fa fa-calendar qode_iwt_icon_element\" style=\"color: #000000\"><\/i><\/span><\/div><h6 class=\"icon_title\" style=\"\">September 11th, 2021<\/h6><\/div><p style=''><\/p><\/div><\/div><\/div><div class='q_icon_with_title tiny circle left_from_title '><div class=\"icon_text_holder\" style=\"\"><div class=\"icon_text_inner\" style=\"\"><div class=\"icon_title_holder\"><div class=\"icon_holder \" style=\" \"><span data-icon-type=\"circle\" data-icon-hover-bg-color=\"#ffde4e\" class=\"qode_iwt_icon_holder fa-stack fa-lg  \" style=\"border-color: #ffde4e;background-color: #ffde4e\"><i class=\"qode_icon_font_awesome fa fa-map-pin qode_iwt_icon_element\" style=\"color: #000000\"><\/i><\/span><\/div><h6 class=\"icon_title\" style=\"\">Mus\u00e9e McCord &amp; Mus\u00e9e des Beaux Arts de Montr\u00e9al<\/h6><\/div><p style=''><\/p><\/div><\/div><\/div><a  itemprop=\"url\" href=\"https:\/\/sixtrum.com\/en\/diffuseurs\/dans-ma-valise\/\" target=\"_self\"  class=\"qbutton  default\" style=\"margin: 4px; \">Informations<i class=\"qode_icon_font_awesome fa fa-angle-right qode_button_icon_element\"><\/i><\/a><a  itemprop=\"url\" href=\"\" target=\"_blank\"  class=\"qbutton  default\" style=\"margin: 4px; \">FREE<\/a>[\/vc_column][\/vc_row][vc_row css_animation=&#8221;&#8221; row_type=&#8221;row&#8221; use_row_as_full_screen_section=&#8221;no&#8221; type=&#8221;full_width&#8221; angled_section=&#8221;no&#8221; text_align=&#8221;center&#8221; background_image_as_pattern=&#8221;without_pattern&#8221; z_index=&#8221;&#8221; background_color=&#8221;#000000&#8243; padding_top=&#8221;64&#8243; padding_bottom=&#8221;64&#8243;][vc_column width=&#8221;1\/4&#8243;][\/vc_column][vc_column width=&#8221;1\/2&#8243;][vc_column_text]<\/p>\n<h4><span style=\"color: #ffffff;\">Consulter le calendrier complet<\/span><\/h4>\n<p>[\/vc_column_text][vc_empty_space]<a  itemprop=\"url\" href=\"https:\/\/sixtrum.com\/calendrier\/\" target=\"_self\" data-hover-border-color=\"#ffde4e\" class=\"qbutton  large default\" style=\"border-color: #ffffff; \">Calendrier<i class=\"qode_icon_font_awesome_5 fa5 fa fa-calendar-alt qode_button_icon_element\"><\/i><\/a>[\/vc_column][vc_column width=&#8221;1\/4&#8243;][\/vc_column][\/vc_row][vc_row css_animation=&#8221;&#8221; row_type=&#8221;row&#8221; use_row_as_full_screen_section=&#8221;no&#8221; type=&#8221;grid&#8221; angled_section=&#8221;no&#8221; text_align=&#8221;left&#8221; background_image_as_pattern=&#8221;without_pattern&#8221; z_index=&#8221;&#8221; padding_top=&#8221;64&#8243; padding_bottom=&#8221;64&#8243;][vc_column width=&#8221;5\/6&#8243;]<div class=\"templatera_shortcode\"><div      class=\"vc_row wpb_row section vc_row-fluid \" style=' text-align:left;'><div class=\" full_section_inner clearfix\"><div class=\"wpb_column vc_column_container vc_col-sm-3\"><div class=\"vc_column-inner\"><div class=\"wpb_wrapper\">\n\t<div class=\"wpb_single_image wpb_content_element vc_align_left  qode_image_hover_zoom_in\">\n\t\t<div class=\"wpb_wrapper\">\n\t\t\t\n\t\t\t<a href=\"https:\/\/www.umontreal.ca\/\" target=\"_blank\"><div class=\"vc_single_image-wrapper   vc_box_border_grey\"><img loading=\"lazy\" decoding=\"async\" width=\"1000\" height=\"500\" src=\"https:\/\/sixtrum.com\/wp-content\/uploads\/2020\/11\/universite-montreal-logo-noir.png\" class=\"vc_single_image-img attachment-full\" alt=\"\" title=\"universite-montreal-logo-noir\" srcset=\"https:\/\/sixtrum.com\/wp-content\/uploads\/2020\/11\/universite-montreal-logo-noir.png 1000w, https:\/\/sixtrum.com\/wp-content\/uploads\/2020\/11\/universite-montreal-logo-noir-300x150.png 300w, https:\/\/sixtrum.com\/wp-content\/uploads\/2020\/11\/universite-montreal-logo-noir-768x384.png 768w, https:\/\/sixtrum.com\/wp-content\/uploads\/2020\/11\/universite-montreal-logo-noir-700x350.png 700w\" sizes=\"auto, (max-width: 1000px) 100vw, 1000px\" \/><\/div><\/a>\n\t\t<\/div>\n\t<\/div>\n<\/div><\/div><\/div><div class=\"wpb_column vc_column_container vc_col-sm-3\"><div class=\"vc_column-inner\"><div class=\"wpb_wrapper\">\n\t<div class=\"wpb_single_image wpb_content_element vc_align_left  qode_image_hover_zoom_in\">\n\t\t<div class=\"wpb_wrapper\">\n\t\t\t\n\t\t\t<a href=\"https:\/\/www.artsmontreal.org\/fr\" target=\"_blank\"><div class=\"vc_single_image-wrapper   vc_box_border_grey\"><img loading=\"lazy\" decoding=\"async\" width=\"1000\" height=\"500\" src=\"https:\/\/sixtrum.com\/wp-content\/uploads\/2020\/11\/conseil-arts-montreal-logo-noir.png\" class=\"vc_single_image-img attachment-full\" alt=\"\" title=\"conseil-arts-montreal-logo-noir\" srcset=\"https:\/\/sixtrum.com\/wp-content\/uploads\/2020\/11\/conseil-arts-montreal-logo-noir.png 1000w, https:\/\/sixtrum.com\/wp-content\/uploads\/2020\/11\/conseil-arts-montreal-logo-noir-300x150.png 300w, https:\/\/sixtrum.com\/wp-content\/uploads\/2020\/11\/conseil-arts-montreal-logo-noir-768x384.png 768w, https:\/\/sixtrum.com\/wp-content\/uploads\/2020\/11\/conseil-arts-montreal-logo-noir-700x350.png 700w\" sizes=\"auto, (max-width: 1000px) 100vw, 1000px\" \/><\/div><\/a>\n\t\t<\/div>\n\t<\/div>\n<\/div><\/div><\/div><div class=\"wpb_column vc_column_container vc_col-sm-3\"><div class=\"vc_column-inner\"><div class=\"wpb_wrapper\">\n\t<div class=\"wpb_single_image wpb_content_element vc_align_left  qode_image_hover_zoom_in\">\n\t\t<div class=\"wpb_wrapper\">\n\t\t\t\n\t\t\t<a href=\"https:\/\/www.calq.gouv.qc.ca\/\" target=\"_blank\"><div class=\"vc_single_image-wrapper   vc_box_border_grey\"><img loading=\"lazy\" decoding=\"async\" width=\"1000\" height=\"500\" src=\"https:\/\/sixtrum.com\/wp-content\/uploads\/2020\/11\/conseil-arts-lettres-quebec-logo-noir.png\" class=\"vc_single_image-img attachment-full\" alt=\"\" title=\"conseil-arts-lettres-quebec-logo-noir\" srcset=\"https:\/\/sixtrum.com\/wp-content\/uploads\/2020\/11\/conseil-arts-lettres-quebec-logo-noir.png 1000w, https:\/\/sixtrum.com\/wp-content\/uploads\/2020\/11\/conseil-arts-lettres-quebec-logo-noir-300x150.png 300w, https:\/\/sixtrum.com\/wp-content\/uploads\/2020\/11\/conseil-arts-lettres-quebec-logo-noir-768x384.png 768w, https:\/\/sixtrum.com\/wp-content\/uploads\/2020\/11\/conseil-arts-lettres-quebec-logo-noir-700x350.png 700w\" sizes=\"auto, (max-width: 1000px) 100vw, 1000px\" \/><\/div><\/a>\n\t\t<\/div>\n\t<\/div>\n<\/div><\/div><\/div><div class=\"wpb_column vc_column_container vc_col-sm-3\"><div class=\"vc_column-inner\"><div class=\"wpb_wrapper\">\n\t<div class=\"wpb_single_image wpb_content_element vc_align_left  qode_image_hover_zoom_in\">\n\t\t<div class=\"wpb_wrapper\">\n\t\t\t\n\t\t\t<a href=\"https:\/\/conseildesarts.ca\/\" target=\"_blank\"><div class=\"vc_single_image-wrapper   vc_box_border_grey\"><img loading=\"lazy\" decoding=\"async\" width=\"1000\" height=\"500\" src=\"https:\/\/sixtrum.com\/wp-content\/uploads\/2020\/11\/conseil-arts-canada-logo-noir.png\" class=\"vc_single_image-img attachment-full\" alt=\"\" title=\"conseil-arts-canada-logo-noir\" srcset=\"https:\/\/sixtrum.com\/wp-content\/uploads\/2020\/11\/conseil-arts-canada-logo-noir.png 1000w, https:\/\/sixtrum.com\/wp-content\/uploads\/2020\/11\/conseil-arts-canada-logo-noir-300x150.png 300w, https:\/\/sixtrum.com\/wp-content\/uploads\/2020\/11\/conseil-arts-canada-logo-noir-768x384.png 768w, https:\/\/sixtrum.com\/wp-content\/uploads\/2020\/11\/conseil-arts-canada-logo-noir-700x350.png 700w\" sizes=\"auto, (max-width: 1000px) 100vw, 1000px\" \/><\/div><\/a>\n\t\t<\/div>\n\t<\/div>\n<\/div><\/div><\/div><\/div><\/div><\/div>[\/vc_column][vc_column width=&#8221;1\/6&#8243;][\/vc_column][\/vc_row]<\/p>\n<\/div>","protected":false},"excerpt":{"rendered":"6 marimbas The 6 marimbas concert features works by composers from Canada and the United States and offers listeners the opportunity to discover the rich sound of these instruments through works that illustrate a wide variety of playing styles and musical writing. Several dates are...","protected":false},"author":4,"featured_media":0,"parent":0,"menu_order":0,"comment_status":"closed","ping_status":"closed","template":"full_width.php","meta":{"footnotes":""},"class_list":["post-1886","page","type-page","status-publish","hentry"],"yoast_head":"<!-- This site is optimized with the Yoast SEO plugin v26.4 - https:\/\/yoast.com\/wordpress\/plugins\/seo\/ -->\n<title>Season 2021-2022 - Ensemble \u00e0 percussion Sixtrum<\/title>\n<meta name=\"description\" content=\"Bienvenue dans la 15e saison !\" \/>\n<meta name=\"robots\" content=\"index, follow, max-snippet:-1, max-image-preview:large, max-video-preview:-1\" \/>\n<link rel=\"canonical\" href=\"https:\/\/sixtrum.com\/en\/2021-2022\/\" \/>\n<meta property=\"og:locale\" content=\"en_US\" \/>\n<meta property=\"og:type\" content=\"article\" \/>\n<meta property=\"og:title\" content=\"Season 2021-2022 - Ensemble \u00e0 percussion Sixtrum\" \/>\n<meta property=\"og:description\" content=\"Bienvenue dans la 15e saison !\" \/>\n<meta property=\"og:url\" content=\"https:\/\/sixtrum.com\/en\/2021-2022\/\" \/>\n<meta property=\"og:site_name\" content=\"Ensemble \u00e0 percussion Sixtrum\" \/>\n<meta property=\"article:publisher\" content=\"https:\/\/www.facebook.com\/sixtrum\" \/>\n<meta property=\"article:modified_time\" content=\"2023-04-13T22:06:58+00:00\" \/>\n<meta property=\"og:image\" content=\"https:\/\/sixtrum.com\/wp-content\/uploads\/2020\/10\/sixtrum-ensemble-percussion-photo-groupe-hugo-lefort-fullscreen.jpg\" \/>\n\t<meta property=\"og:image:width\" content=\"2560\" \/>\n\t<meta property=\"og:image:height\" content=\"1440\" \/>\n\t<meta property=\"og:image:type\" content=\"image\/jpeg\" \/>\n<meta name=\"twitter:card\" content=\"summary_large_image\" \/>\n<meta name=\"twitter:site\" content=\"@sixtrum\" \/>\n<meta name=\"twitter:label1\" content=\"Est. reading time\" \/>\n\t<meta name=\"twitter:data1\" content=\"7 minutes\" \/>\n<script type=\"application\/ld+json\" class=\"yoast-schema-graph\">{\"@context\":\"https:\/\/schema.org\",\"@graph\":[{\"@type\":\"WebPage\",\"@id\":\"https:\/\/sixtrum.com\/en\/2021-2022\/\",\"url\":\"https:\/\/sixtrum.com\/en\/2021-2022\/\",\"name\":\"Season 2021-2022 - Ensemble \u00e0 percussion Sixtrum\",\"isPartOf\":{\"@id\":\"https:\/\/sixtrum.com\/en\/#website\"},\"datePublished\":\"2021-09-01T18:49:13+00:00\",\"dateModified\":\"2023-04-13T22:06:58+00:00\",\"description\":\"Bienvenue dans la 15e saison !\",\"breadcrumb\":{\"@id\":\"https:\/\/sixtrum.com\/en\/2021-2022\/#breadcrumb\"},\"inLanguage\":\"en-US\",\"potentialAction\":[{\"@type\":\"ReadAction\",\"target\":[\"https:\/\/sixtrum.com\/en\/2021-2022\/\"]}]},{\"@type\":\"BreadcrumbList\",\"@id\":\"https:\/\/sixtrum.com\/en\/2021-2022\/#breadcrumb\",\"itemListElement\":[{\"@type\":\"ListItem\",\"position\":1,\"name\":\"Accueil\",\"item\":\"https:\/\/sixtrum.com\/en\/\"},{\"@type\":\"ListItem\",\"position\":2,\"name\":\"Season 2021-2022\"}]},{\"@type\":\"WebSite\",\"@id\":\"https:\/\/sixtrum.com\/en\/#website\",\"url\":\"https:\/\/sixtrum.com\/en\/\",\"name\":\"Ensemble \u00e0 percussion Sixtrum\",\"description\":\"Une exploration d\u00e9brid\u00e9e de la percussion contemporaine\",\"publisher\":{\"@id\":\"https:\/\/sixtrum.com\/en\/#organization\"},\"potentialAction\":[{\"@type\":\"SearchAction\",\"target\":{\"@type\":\"EntryPoint\",\"urlTemplate\":\"https:\/\/sixtrum.com\/en\/?s={search_term_string}\"},\"query-input\":{\"@type\":\"PropertyValueSpecification\",\"valueRequired\":true,\"valueName\":\"search_term_string\"}}],\"inLanguage\":\"en-US\"},{\"@type\":\"Organization\",\"@id\":\"https:\/\/sixtrum.com\/en\/#organization\",\"name\":\"Sixtrum\",\"url\":\"https:\/\/sixtrum.com\/en\/\",\"logo\":{\"@type\":\"ImageObject\",\"inLanguage\":\"en-US\",\"@id\":\"https:\/\/sixtrum.com\/en\/#\/schema\/logo\/image\/\",\"url\":\"https:\/\/sixtrum.com\/wp-content\/uploads\/2020\/10\/sixtrum-ensemble-percussion-logo-noir.png\",\"contentUrl\":\"https:\/\/sixtrum.com\/wp-content\/uploads\/2020\/10\/sixtrum-ensemble-percussion-logo-noir.png\",\"width\":1000,\"height\":368,\"caption\":\"Sixtrum\"},\"image\":{\"@id\":\"https:\/\/sixtrum.com\/en\/#\/schema\/logo\/image\/\"},\"sameAs\":[\"https:\/\/www.facebook.com\/sixtrum\",\"https:\/\/x.com\/sixtrum\",\"https:\/\/www.instagram.com\/sixtrum_percussion\/\",\"https:\/\/www.youtube.com\/sixtrum\"]}]}<\/script>\n<!-- \/ Yoast SEO plugin. -->","yoast_head_json":{"title":"Season 2021-2022 - Ensemble \u00e0 percussion Sixtrum","description":"Bienvenue dans la 15e saison !","robots":{"index":"index","follow":"follow","max-snippet":"max-snippet:-1","max-image-preview":"max-image-preview:large","max-video-preview":"max-video-preview:-1"},"canonical":"https:\/\/sixtrum.com\/en\/2021-2022\/","og_locale":"en_US","og_type":"article","og_title":"Season 2021-2022 - Ensemble \u00e0 percussion Sixtrum","og_description":"Bienvenue dans la 15e saison !","og_url":"https:\/\/sixtrum.com\/en\/2021-2022\/","og_site_name":"Ensemble \u00e0 percussion Sixtrum","article_publisher":"https:\/\/www.facebook.com\/sixtrum","article_modified_time":"2023-04-13T22:06:58+00:00","og_image":[{"width":2560,"height":1440,"url":"https:\/\/sixtrum.com\/wp-content\/uploads\/2020\/10\/sixtrum-ensemble-percussion-photo-groupe-hugo-lefort-fullscreen.jpg","type":"image\/jpeg"}],"twitter_card":"summary_large_image","twitter_site":"@sixtrum","twitter_misc":{"Est. reading time":"7 minutes"},"schema":{"@context":"https:\/\/schema.org","@graph":[{"@type":"WebPage","@id":"https:\/\/sixtrum.com\/en\/2021-2022\/","url":"https:\/\/sixtrum.com\/en\/2021-2022\/","name":"Season 2021-2022 - Ensemble \u00e0 percussion Sixtrum","isPartOf":{"@id":"https:\/\/sixtrum.com\/en\/#website"},"datePublished":"2021-09-01T18:49:13+00:00","dateModified":"2023-04-13T22:06:58+00:00","description":"Bienvenue dans la 15e saison !","breadcrumb":{"@id":"https:\/\/sixtrum.com\/en\/2021-2022\/#breadcrumb"},"inLanguage":"en-US","potentialAction":[{"@type":"ReadAction","target":["https:\/\/sixtrum.com\/en\/2021-2022\/"]}]},{"@type":"BreadcrumbList","@id":"https:\/\/sixtrum.com\/en\/2021-2022\/#breadcrumb","itemListElement":[{"@type":"ListItem","position":1,"name":"Accueil","item":"https:\/\/sixtrum.com\/en\/"},{"@type":"ListItem","position":2,"name":"Season 2021-2022"}]},{"@type":"WebSite","@id":"https:\/\/sixtrum.com\/en\/#website","url":"https:\/\/sixtrum.com\/en\/","name":"Ensemble \u00e0 percussion Sixtrum","description":"Une exploration d\u00e9brid\u00e9e de la percussion contemporaine","publisher":{"@id":"https:\/\/sixtrum.com\/en\/#organization"},"potentialAction":[{"@type":"SearchAction","target":{"@type":"EntryPoint","urlTemplate":"https:\/\/sixtrum.com\/en\/?s={search_term_string}"},"query-input":{"@type":"PropertyValueSpecification","valueRequired":true,"valueName":"search_term_string"}}],"inLanguage":"en-US"},{"@type":"Organization","@id":"https:\/\/sixtrum.com\/en\/#organization","name":"Sixtrum","url":"https:\/\/sixtrum.com\/en\/","logo":{"@type":"ImageObject","inLanguage":"en-US","@id":"https:\/\/sixtrum.com\/en\/#\/schema\/logo\/image\/","url":"https:\/\/sixtrum.com\/wp-content\/uploads\/2020\/10\/sixtrum-ensemble-percussion-logo-noir.png","contentUrl":"https:\/\/sixtrum.com\/wp-content\/uploads\/2020\/10\/sixtrum-ensemble-percussion-logo-noir.png","width":1000,"height":368,"caption":"Sixtrum"},"image":{"@id":"https:\/\/sixtrum.com\/en\/#\/schema\/logo\/image\/"},"sameAs":["https:\/\/www.facebook.com\/sixtrum","https:\/\/x.com\/sixtrum","https:\/\/www.instagram.com\/sixtrum_percussion\/","https:\/\/www.youtube.com\/sixtrum"]}]}},"_links":{"self":[{"href":"https:\/\/sixtrum.com\/en\/wp-json\/wp\/v2\/pages\/1886","targetHints":{"allow":["GET"]}}],"collection":[{"href":"https:\/\/sixtrum.com\/en\/wp-json\/wp\/v2\/pages"}],"about":[{"href":"https:\/\/sixtrum.com\/en\/wp-json\/wp\/v2\/types\/page"}],"author":[{"embeddable":true,"href":"https:\/\/sixtrum.com\/en\/wp-json\/wp\/v2\/users\/4"}],"replies":[{"embeddable":true,"href":"https:\/\/sixtrum.com\/en\/wp-json\/wp\/v2\/comments?post=1886"}],"version-history":[{"count":19,"href":"https:\/\/sixtrum.com\/en\/wp-json\/wp\/v2\/pages\/1886\/revisions"}],"predecessor-version":[{"id":2171,"href":"https:\/\/sixtrum.com\/en\/wp-json\/wp\/v2\/pages\/1886\/revisions\/2171"}],"wp:attachment":[{"href":"https:\/\/sixtrum.com\/en\/wp-json\/wp\/v2\/media?parent=1886"}],"curies":[{"name":"wp","href":"https:\/\/api.w.org\/{rel}","templated":true}]}}